{"id":534,"date":"2023-06-22T16:07:09","date_gmt":"2023-06-22T14:07:09","guid":{"rendered":"https:\/\/dev-brno.hudysteny.cz\/lezecka-stena-usti\/"},"modified":"2023-11-09T08:41:36","modified_gmt":"2023-11-09T07:41:36","slug":"wand","status":"publish","type":"page","link":"https:\/\/www.hudysteny.cz\/brno\/de\/","title":{"rendered":"Kletterwand Brno"},"content":{"rendered":"\n<div class=\"wp-block-group oteviracka has-global-padding is-layout-constrained wp-block-group-is-layout-constrained\">\n<div class=\"wp-block-columns is-layout-flex wp-container-core-columns-is-layout-9ba6dbca wp-block-columns-is-layout-flex\">\n<div class=\"wp-block-column is-layout-flow wp-block-column-is-layout-flow\">\n<h3 class=\"wp-block-heading\">Die \u00d6ffnungszeiten<\/h3>\n\n\n\n<figure class=\"wp-block-table noborder\"><table><tbody><tr><td>Montag<\/td><td>8.00 &#8211; 22.00<\/td><\/tr><tr><td>Dienstag<\/td><td>8.00 &#8211; 22.00<\/td><\/tr><tr><td>Mittwoch<\/td><td>8.00 &#8211; 22.00<\/td><\/tr><tr><td>Donnerstag<\/td><td>8.00 &#8211; 22.00<\/td><\/tr><tr><td>Freitag<\/td><td>8.00 &#8211; 22.00<\/td><\/tr><tr><td>Samstag und Sonntag<\/td><td>8.00 &#8211; 22.00<\/td><\/tr><\/tbody><\/table><\/figure>\n<\/div>\n\n\n\n<div class=\"wp-block-column is-layout-flow wp-block-column-is-layout-flow\">\n<h3 class=\"wp-block-heading\">Wo Sie uns finden<\/h3>\n\n\n\n<p class=\"wp-block-paragraph\">HUDY-Kletterwand Br\u00fcnn<br\/>V\u00edde\u0148sk\u00e1 297\/99<br\/>Br\u00fcnn &#8211; \u0160t\u00fd\u0159ice<br\/><br\/>Tel.: <a href=\"tel:+420733490019\">+420 733 490 019<\/a><br\/>email: <a href=\"mailto:stena.brno@hudy.cz\">stena.brno@hudy.cz<\/a><\/p>\n<\/div>\n\n\n\n<div class=\"wp-block-column is-layout-flow wp-block-column-is-layout-flow\">\n<h3 class=\"wp-block-heading\">Folgen Sie uns<\/h3>\n\n\n\n<div class=\"wp-block-group social is-nowrap is-layout-flex wp-container-core-group-is-layout-9ba6dbca wp-block-group-is-layout-flex\">\n<figure class=\"wp-block-image size-full is-resized\"><a href=\"https:\/\/www.facebook.com\/HudyLezeckaStenaBrno\" target=\"_blank\" rel=\"noreferrer noopener\"><img decoding=\"async\" src=\"https:\/\/www.hudysteny.cz\/brno\/wp-content\/uploads\/2023\/07\/facebook-b.svg\" alt=\"\" class=\"wp-image-323\" style=\"object-fit:cover;width:32px;height:32px\"\/><\/a><\/figure>\n\n\n\n<figure class=\"wp-block-image size-full is-resized\"><a href=\"https:\/\/www.instagram.com\/hudystenabrno\/\" target=\"_blank\" rel=\"noreferrer noopener\"><img decoding=\"async\" src=\"https:\/\/www.hudysteny.cz\/brno\/wp-content\/uploads\/2023\/07\/instagram-b.svg\" alt=\"\" class=\"wp-image-326\" style=\"object-fit:cover;width:32px;height:32px\"\/><\/a><\/figure>\n<\/div>\n\n\n\n<div style=\"height:30px;width:0px\" aria-hidden=\"true\" class=\"wp-block-spacer mezera_25\"><\/div>\n\n\n\n<h3 class=\"wp-block-heading sms_info desktop_hidden\">Welcher Weg zu uns?<\/h3>\n\n\n\n<p class=\"mb-0 wp-block-paragraph\">Sie k\u00f6nnen uns auf <a href=\"https:\/\/mapy.cz\/s\/cudosakeje\" data-type=\"link\" data-id=\"https:\/\/mapy.cz\/s\/cudosakeje\" target=\"_blank\" rel=\"noreferrer noopener\">Maps.cz<\/a> oder <a href=\"https:\/\/maps.app.goo.gl\/gtk6k5E9CTaRg4jC7\" data-type=\"link\" data-id=\"https:\/\/maps.app.goo.gl\/gtk6k5E9CTaRg4jC7\" target=\"_blank\" rel=\"noreferrer noopener\">Google<\/a> finden<\/p>\n\n\n\n<div style=\"height:25px;width:0px\" aria-hidden=\"true\" class=\"wp-block-spacer mezera_25\"><\/div>\n<\/div>\n<\/div>\n<\/div>\n\n<div style=\"height:65px\" aria-hidden=\"true\" class=\"wp-block-spacer mezera_65\"><\/div>\n\n<div class=\"wp-block-columns eq is-layout-flex wp-container-core-columns-is-layout-9ba6dbca wp-block-columns-is-layout-flex\">\n<div class=\"wp-block-column is-layout-flow wp-block-column-is-layout-flow\">\n<div class=\"wp-block-group box_cenik has-background has-global-padding is-layout-constrained wp-block-group-is-layout-constrained\" style=\"background-color:#f4f4f4\">\n<h2 class=\"wp-block-heading has-text-align-center\">Preisliste<\/h2>\n\n\n\n<div class=\"wp-block-buttons is-content-justification-center is-layout-flex wp-container-core-buttons-is-layout-d9a36c2f wp-block-buttons-is-layout-flex\">\n<div class=\"wp-block-button zelena\"><a class=\"wp-block-button__link wp-element-button\" href=\"https:\/\/www.hudysteny.cz\/brno\/de\/preisliste\/\">Weitere Informationen<\/a><\/div>\n<\/div>\n<\/div>\n<\/div>\n\n\n\n<div class=\"wp-block-column is-layout-flow wp-container-core-column-is-layout-2003d605 wp-block-column-is-layout-flow\">\n<div class=\"wp-block-group box_novinka has-background has-global-padding is-layout-constrained wp-container-core-group-is-layout-050dad78 wp-block-group-is-layout-constrained\" style=\"background-color:#f4f4f4\">\n<div class=\"wp-block-group inner_wrap has-global-padding is-layout-constrained wp-block-group-is-layout-constrained\">\n<h3 class=\"wp-block-heading has-text-align-center\">Nachrichten<\/h3>\n\n\n<div class=\"cff-wrapper\"><div class=\"cff-wrapper-ctn \" ><div id=\"cff\" data-char=\"400\" class=\"cff cff-theme-overlap  cff-mob-cols-1 cff-tab-cols-1  cff-palette-7 cff-timeline-feed cff-doing-gdpr cff-all-reviews cff-nojs \" style=\"width:100%; \" data-fb-text=\"Zobrazit na Facebooku\" data-offset=\"\" data-own-token=\"true\" data-grid-pag=\"cursor\" data-restricted=\"true\" data-lb-comments=\"false\" data-pag-num=\"8\" data-cff-shortcode=\"{&quot;feed&quot;: &quot;7&quot;}\" data-postid=\"534\" data-locatornonce=\"9b1221f850\" data-cff-theme=\"overlap\"  data-cff-flags=\"gdpr,overrideBlockCDN\"><svg width=\"24px\" height=\"24px\" version=\"1.1\" xmlns=\"http:\/\/www.w3.org\/2000\/svg\" xmlns:xlink=\"http:\/\/www.w3.org\/1999\/xlink\" class=\"cff-screenreader\" role=\"img\" aria-labelledby=\"metaSVGid metaSVGdesc\"><title id=\"metaSVGid\">Comments Box SVG icons<\/title><desc id=\"metaSVGdesc\">Used for the like, share, comment, and reaction icons<\/desc><defs><linearGradient id=\"angryGrad\" x1=\"0\" x2=\"0\" y1=\"0\" y2=\"1\"><stop offset=\"0%\" stop-color=\"#f9ae9e\" \/><stop offset=\"70%\" stop-color=\"#ffe7a4\" \/><\/linearGradient><linearGradient id=\"likeGrad\"><stop offset=\"25%\" stop-color=\"rgba(0,0,0,0.05)\" \/><stop offset=\"26%\" stop-color=\"rgba(255,255,255,0.7)\" \/><\/linearGradient><linearGradient id=\"likeGradHover\"><stop offset=\"25%\" stop-color=\"#a3caff\" \/><stop offset=\"26%\" stop-color=\"#fff\" \/><\/linearGradient><linearGradient id=\"likeGradDark\"><stop offset=\"25%\" stop-color=\"rgba(255,255,255,0.5)\" \/><stop offset=\"26%\" stop-color=\"rgba(255,255,255,0.7)\" \/><\/linearGradient><\/defs><\/svg><div class=\"cff-posts-wrap\"><div class=\"cff-item cff-photo-post author-hudy-lezeck-st-na-brno cff-1559914954240140 cff-new\" id=\"cff_1559914954240140_1560328616095722\" data-page-id=\"1559914954240140\" data-cff-timestamp=\"1776868209\" data-object-id=\"1560328579429059\" data-cff-from=\"1559914954240140\" style=\"border-bottom: 0px solid #fff; z-index: 17;\"><p  class=\"cff-post-text\">\n\t<span class=\"cff-text\" data-color=\"\">\ud83c\udfc6 \u010cesk\u00fd poh\u00e1r na HUDY!<br \/><br \/>V sobotu 25. 4. se u n\u00e1s chystaj\u00ed z\u00e1vody, tak\u017ee bohu\u017eel po\u010d\u00edtejte s omezen\u00fdm provozem \ud83d\udc47<br \/><br \/>\ud83d\udeab ZAV\u0158ENO po cel\u00fd den:<br \/>\u2022 sportovn\u00ed profil a zadn\u00ed rajbas<br \/><br \/>\ud83d\udeab Boulder:  zav\u0159en\u00fd 14:00\u201319:00<br \/><br \/>\ud83d\udd27 Co d\u00e1l?<br \/>Od ned\u011ble se za\u010dne dostavovat \ud83d\udd29<br \/>\ud83d\udc49 sportovn\u00ed p\u0159evis by m\u011bl b\u00fdt znovu pln\u011b nahozen\u00fd p\u0159\u00ed\u0161t\u00ed p\u00e1tek <br \/>Spoustu nov\u00fdch v\u00fdzev ;))<br \/><br \/>\u26a0\ufe0f Aktu\u00e1ln\u011b (do soboty):<br \/>Zadn\u00ed rajbas je otev\u0159en\u00fd jen 16:00\u201320:00<br \/>\u2013 prob\u00edh\u00e1 tam p\u0159\u00edprava na z\u00e1vody, d\u00edky za pochopen\u00ed \ud83d\ude4f \t<\/span>\n\t<span class=\"cff-expand\">... <a href=\"#\" ><span class=\"cff-more\">Zobrazit v\u00edce<\/span><span class=\"cff-less\">Zobrazit m\u00e9n\u011b<\/span><\/a><\/span>\n<\/p>\n<div class=\"cff-date  cff-date-below\" >\n\t 22. 04. 2026 <\/div>\n<div class=\"cff-meta-wrap\">\n\t<\/div>\n<\/div><div class=\"cff-item cff-photo-post cff-album author-hudy-lezeck-st-na-brno cff-1559914954240140 cff-new\" id=\"cff_1559914954240140_1559485082846742\" data-page-id=\"1559914954240140\" data-cff-timestamp=\"1776785409\" data-object-id=\"1559485082846742\" data-cff-from=\"1559914954240140\" style=\"border-bottom: 0px solid #fff; z-index: 16;\"><p  class=\"cff-post-text\">\n\t<span class=\"cff-text\" data-color=\"\">Z\u00e1vod Poj\u010f na lano! je za n\u00e1mi \ud83e\uddd7\u200d\u2640\ufe0f\ud83d\udd25<br \/><br \/>A byla to j\u00edzda!<br \/>Odpoledne pln\u00e9 pokus\u016f na 4 kvalifika\u010dn\u00edch cest\u00e1ch, ve\u010der graduj\u00edc\u00ed fin\u00e1le a k tomu hromada siln\u00fdch v\u00fdkon\u016f a boj\u016f na limitu \ud83d\udcaa<br \/><br \/>Se\u0161lo se v\u00e1s fakt hodn\u011b a atmosf\u00e9ra byla par\u00e1dn\u00ed!!<br \/>Podpora, hecov\u00e1n\u00ed a radost z ka\u017ed\u00e9ho topu \ud83d\ude4c<br \/><br \/>D\u00edky v\u0161em, co dorazili z\u00e1vodit, fandit i jen tak b\u00fdt \ud83d\udc9b<br \/>Velk\u00fd D\u00cdKY (!!) stav\u011b\u010d\u016fm za cesty, co prov\u011b\u0159ily \u00fapln\u011b v\u0161echny z\u00fa\u010dastn\u011bn\u00e9 \ud83d\udc40\ud83d\udd25<br \/><br \/>T\u011b\u0161\u00ed n\u00e1s, \u017ee v\u00e1s to na lan\u011b bav\u00ed \u2013 a t\u011b\u0161\u00edme se za rok t\u0159eba v podobn\u00e9m form\u00e1tu \ud83d\ude09<br \/><br \/>odkaz na fotky\u27a1<br \/><br \/>Petr Ber\u00e1nek <a href=\"https:\/\/bepe.smugmug.com\/Fotoshoots\/HudyStenaDuben\/n-TbQGr2\/i-WdGfMBw\" rel=\"noopener\">bepe.smugmug.com\/Fotoshoots\/HudyStenaDuben\/n-TbQGr2\/i-WdGfMBw<\/a><br \/><br \/>Anna Ko\u0161uli\u010dov\u00e1 <a href=\"https:\/\/eu.zonerama.com\/kosulicovaa\/Photo\/15111463\/611149088?secret=yt4Ky6I7o4g480jrbPm9SO54K#check-duplicates\" rel=\"noopener\">eu.zonerama.com\/kosulicovaa\/Photo\/15111463\/611149088?secret=yt4Ky6I7o4g480jrbPm9SO54K#check-dupli...<\/a><br \/><br \/>\ud83d\udcf8 foto: Anna Ko\u0161uli\u010dov\u00e1<br \/><br \/><a href=\"https:\/\/facebook.com\/26300213559601126\" rel=\"nofollow noopener\">#pojdnalano<\/a> <a href=\"https:\/\/facebook.com\/429025327177409\" rel=\"nofollow noopener\">#climbing<\/a> <a href=\"https:\/\/facebook.com\/588244584538277\" rel=\"nofollow noopener\">#climbinglife<\/a> <a href=\"https:\/\/facebook.com\/2296565287079198\" rel=\"nofollow noopener\">#stenajakobrno<\/a> \t<\/span>\n\t<span class=\"cff-expand\">... <a href=\"#\" ><span class=\"cff-more\">Zobrazit v\u00edce<\/span><span class=\"cff-less\">Zobrazit m\u00e9n\u011b<\/span><\/a><\/span>\n<\/p>\n<div class=\"cff-date  cff-date-below\" >\n\t 21. 04. 2026 <\/div>\n<div class=\"cff-meta-wrap\">\n\t<\/div>\n<\/div><div class=\"cff-item cff-photo-post cff-album author-hudy-lezeck-st-na-brno cff-1559914954240140 cff-new\" id=\"cff_1559914954240140_1555158429946074\" data-page-id=\"1559914954240140\" data-cff-timestamp=\"1776360645\" data-object-id=\"1555158429946074\" data-cff-from=\"1559914954240140\" style=\"border-bottom: 0px solid #fff; z-index: 15;\"><p  class=\"cff-post-text\">\n\t<span class=\"cff-text\" data-color=\"\">Je\u0161t\u011b jednou gratulujeme v\u00edt\u011bz\u016fm!! \ud83d\udcaa\ud83d\udc4f\ud83d\udc90<br \/><br \/>Kategorie HOBBY (do 6a+)<br \/>\ud83e\udd47Lenka Volejn\u00ed\u010dkov\u00e1<br \/>\ud83e\udd48Kl\u00e1ra Jandov\u00e1<br \/>\ud83e\udd49Iva Ham\u0159\u00edkov\u00e1<br \/><br \/>\ud83e\udd47Ale\u0161 Proch\u00e1zka<br \/>\ud83e\udd48Milo\u0161 Kan\u011bra<br \/>\ud83e\udd49Vojt\u011bch \u0160kalda<br \/><br \/>ADVANCED (do 6c+)<br \/>\ud83e\udd47Emma Hanykov\u00e1<br \/>\ud83e\udd48Tereza Nesvatbov\u00e1<br \/>\ud83e\udd49Inka Trhl\u00edkov\u00e1<br \/><br \/>\ud83e\udd47Luk\u00e1\u0161 Barto\u0161<br \/>\ud83e\udd48Jan \u0160pinar<br \/>\ud83e\udd49Martin \u017daloudek <br \/><br \/>EXPERT (nad 7a)<br \/>\ud83e\udd47Kl\u00e1ra Halmo <br \/>\ud83e\udd48Lucie Vesel\u00e1<br \/>\ud83e\udd49Kl\u00e1ra Plchov\u00e1<br \/><br \/>\ud83e\udd47Mat\u016f\u0161 Lahk\u00fd<br \/>\ud83e\udd48Maty\u00e1\u0161 Lienerth<br \/>\ud83e\udd49Marek \u0160mehl\u00edk<br \/><br \/>U n\u00e1s se vyhla\u0161uj\u00ed i dv\u011b speci\u00e1ln\u00ed kategorie: LEGENDS a MASTERS!! A u\u017e zn\u00e1me i v\u00fdsledky v obou kategori\u00edch. Gratulujeme Pe\u0165ovi Soudkovi, Nice \u0160teflov\u00e9 a pro cenu si mohou doj\u00edt i Hel\u010da Lipensk\u00e1 a Michal Po\u017e\u00e1r \ud83d\udcaa\ud83d\udcaa<br \/><br \/>A moc d\u00edky <a href=\"https:\/\/facebook.com\/97315630793\" rel=\"nofollow noopener\">HUDY<\/a> a Tendon za ceny \ud83d\udc90\ud83d\udc9a \t<\/span>\n\t<span class=\"cff-expand\">... <a href=\"#\" ><span class=\"cff-more\">Zobrazit v\u00edce<\/span><span class=\"cff-less\">Zobrazit m\u00e9n\u011b<\/span><\/a><\/span>\n<\/p>\n<div class=\"cff-date  cff-date-below\" >\n\t 16. 04. 2026 <\/div>\n<div class=\"cff-meta-wrap\">\n\t<\/div>\n<\/div><div class=\"cff-item cff-photo-post author-hudy-lezeck-st-na-brno cff-1559914954240140 cff-new\" id=\"cff_1559914954240140_1553263433468907\" data-page-id=\"1559914954240140\" data-cff-timestamp=\"1776183763\" data-object-id=\"1553253553469895\" data-cff-from=\"1559914954240140\" style=\"border-bottom: 0px solid #fff; z-index: 14;\"><p  class=\"cff-post-text\">\n\t<span class=\"cff-text\" data-color=\"\">U\u017e vyhl\u00ed\u017e\u00ed\u0161 z\u00edt\u0159ej\u0161\u00ed z\u00e1vody? \ud83d\udc40\ud83e\uddd7\u200d\u2642\ufe0f<br \/>Kam a\u017e doleze\u0161? A s k\u00fdm? \ud83d\ude09<br \/><br \/>\ud83d\udc49 Form\u00e1t z\u00e1vodu:<br \/>\u2022 bez rozhod\u010d\u00edch<br \/>\u2022 bez jisti\u010d\u016f<br \/>\u2022 zapisuje\u0161 si nejvy\u0161\u0161\u00ed dosa\u017een\u00fd chyt s\u00e1m<br \/><br \/>Nem\u00e1\u0161 spolulezce? Nevad\u00ed \ud83d\ude4c<br \/>\ud83d\udc49 n\u011bkdo t\u011b odjist\u00ed<br \/>\ud83d\udc49 nebo si prost\u011b najde\u0161 nov\u00e9ho (win-win \ud83d\ude04).<br \/><br \/>Fair play je z\u00e1klad \ud83e\udd1d<br \/><br \/>\ud83d\udcca Co n\u00e1s \u010dek\u00e1?<br \/>\u2022 hodn\u011b p\u0159ihl\u00e1\u0161en\u00fdch (nejv\u00edc v Advanced \u2013 do 6c+)<br \/>\u2022 Expert zat\u00edm skoro pr\u00e1zdn\u00fd \ud83d\udc40<br \/><br \/>\ud83d\udc49 Leze\u0161 na HUDY kolem 7a?<br \/>Zva\u017e p\u0159ehl\u00e1\u0161en\u00ed p\u0159i registraci \u2013 v\u011bt\u0161\u00ed \u0161ance na bednu \ud83d\ude09\ud83c\udfc6<br \/><br \/>\u23f0 Kdy dorazit?<br \/>\u2022 klidn\u011b u\u017e na 15:30 \u2192 d\u00e1\u0161 4 cesty v klidu<br \/>\u2022 nebo pozd\u011bji (t\u0159eba 17:30)<br \/><br \/>\ud83d\udc49 \u010d\u00edm d\u0159\u00edv p\u0159ijde\u0161, t\u00edm v\u00edc si zaleze\u0161<br \/><br \/>A pak?<br \/>Fand\u00ed\u0161, leze\u0161, u\u017e\u00edv\u00e1\u0161 atmosf\u00e9ru \ud83d\udd25<br \/><br \/>Tak co, vid\u00edme se z\u00edtra? \ud83d\udca5 \t<\/span>\n\t<span class=\"cff-expand\">... <a href=\"#\" ><span class=\"cff-more\">Zobrazit v\u00edce<\/span><span class=\"cff-less\">Zobrazit m\u00e9n\u011b<\/span><\/a><\/span>\n<\/p>\n<div class=\"cff-date  cff-date-below\" >\n\t 14. 04. 2026 <\/div>\n<div class=\"cff-meta-wrap\">\n\t<\/div>\n<\/div><div class=\"cff-item cff-photo-post cff-album author-hudy-lezeck-st-na-brno cff-1559914954240140 cff-new\" id=\"cff_1559914954240140_1548921050569812\" data-page-id=\"1559914954240140\" data-cff-timestamp=\"1775748611\" data-object-id=\"1548921050569812\" data-cff-from=\"1559914954240140\" style=\"border-bottom: 0px solid #fff; z-index: 13;\"><p  class=\"cff-post-text\">\n\t<span class=\"cff-text\" data-color=\"\">Chce\u0161 tohle tri\u010dko? \ud83d\udc55\ud83d\udd25<br \/>M\u016f\u017ee b\u00fdt tvoje!<br \/>Sta\u010d\u00ed p\u0159ij\u00edt z\u00e1vodit ve st\u0159edu 15. 4. \ud83e\uddd7\u200d\u2640\ufe0f<br \/><br \/>\ud83d\udc49 Tri\u010dka u\u017e jsou te\u010f na st\u011bn\u011b k vyzkou\u0161en\u00ed!<br \/>Zastav se na HUDY, omrkni je na\u017eivo a vyber si spr\u00e1vnou velikost \ud83d\udc4c<br \/><br \/>\ud83d\udcb8 Startovn\u00e9 do ned\u011ble jen 500 K\u010d<br \/>(ve startovn\u00e9m m\u00e1\u0161: tri\u010dko, odpoledn\u00ed vstup na st\u011bnu, ty\u010dinku i pivo\/limo \ud83d\ude4c)<br \/><br \/>\ud83d\udc49 Registrace: <a href=\"https:\/\/forms.gle\/fwZH3snuZMTEtqSC6\" rel=\"noopener\">forms.gle\/fwZH3snuZMTEtqSC6<\/a> \t<\/span>\n\t<span class=\"cff-expand\">... <a href=\"#\" ><span class=\"cff-more\">Zobrazit v\u00edce<\/span><span class=\"cff-less\">Zobrazit m\u00e9n\u011b<\/span><\/a><\/span>\n<\/p>\n<div class=\"cff-date  cff-date-below\" >\n\t 09. 04. 2026 <\/div>\n<div class=\"cff-meta-wrap\">\n\t<\/div>\n<\/div><\/div><span class=\"cff_resized_image_data\" data-feedid=\"cff_155991495424015991495424014011mecs0000\" data-resized=\"[]\"><\/span><\/div><\/div><div class=\"cff-clear\"><\/div><\/div><style type=\"text\/css\">\n<\/style>\n\n\n<a class=\"novinky_link\" href=\"https:\/\/www.hudysteny.cz\/brno\/de\/nachrichten\/\" title=\"Nachrichten ansehen\" target=\"_parent\"><span>Nachrichten ansehen<\/span><\/a>\n<\/div>\n<\/div>\n<\/div>\n<\/div>\n\n<div style=\"height:65px\" aria-hidden=\"true\" class=\"wp-block-spacer mezera_65\"><\/div>\n\n<h3 class=\"wp-block-heading has-text-align-center\">Grundlegende Parameter der Wand<\/h3>\n\n<p class=\"has-text-align-center wp-block-paragraph\">Die Hauptkletterhalle umfasst eine Fl\u00e4che <strong>von 60 m x 12,5 m <\/strong>und bietet Kletterlinien von <strong>11,5 bis 22 m<\/strong> L\u00e4nge. Es erm\u00f6glicht sowohl das Klettern in geneigten strukturierten Profilen als auch das Klettern in senkrechten und \u00fcberh\u00e4ngenden Profilen. Der \u00dcberhang des Hauptsportprofils &#8222;Grotta&#8220; erreicht beachtliche <strong>8 m, das <\/strong>Sportprofil des Nationalen Trainingszentrums ist 8,5 m hoch und die Routen im Schwierigkeitsgrad bis 9a werden von zertifizierten tschechischen und ausl\u00e4ndischen Baumeistern des \u010cHS \/ IFSC gebaut. Insgesamt gibt es <strong>125 Sicherungsseile<\/strong> auf <strong>2700 <\/strong>Quadratmetern Kletterfl\u00e4che. Am Ende des Nationalen Sportzentrums befinden sich <strong>zwei zertifizierte Eisschnelllaufbahnen <\/strong>mit Selbstaufrollern und einer Zeitmessanlage. <strong>Insgesamt 18 Sicherungslinien sind mit Selbstaufrollern ausgestattet<\/strong>.<\/p>\n\n<p class=\"wp-block-paragraph\">Die Boulderwand mit einer Fl\u00e4che von 400 Quadratmetern und einer H\u00f6he von 4,5 Metern bietet <strong>90-110 bunte<\/strong> Boulder in den Schwierigkeitsstufen <strong>V0-V10<\/strong>.<\/p>\n\n<div style=\"height:45px\" aria-hidden=\"true\" class=\"wp-block-spacer mezera_45\"><\/div>\n\n<div class=\"wp-block-buttons is-content-justification-center is-layout-flex wp-container-core-buttons-is-layout-9b8700ad wp-block-buttons-is-layout-flex\" style=\"margin-top:0;margin-bottom:0\">\n<div class=\"wp-block-button seda\"><a class=\"wp-block-button__link wp-element-button\" href=\"http:\/\/www.climbhere.cz\/cs\/10001-hudy-lezecka-stena-brno\/cesty\" target=\"_blank\" rel=\"noreferrer noopener\">Liste der Stra\u00dfen<\/a><\/div>\n\n\n\n<div class=\"wp-block-button seda\"><a class=\"wp-block-button__link wp-element-button\" href=\"http:\/\/www.climbhere.cz\/cs\/10001-hudy-lezecka-stena-brno\/bouldery\" target=\"_blank\" rel=\"noreferrer noopener\">Liste der Felsbl\u00f6cke<\/a><\/div>\n<\/div>\n\n<div style=\"height:65px\" aria-hidden=\"true\" class=\"wp-block-spacer mezera_65\"><\/div>\n\n<div class=\"wp-block-group alignfull bg_seda has-global-padding is-layout-constrained wp-block-group-is-layout-constrained\">\n        <div id=\"prodejny\">\n            <h2>Der n\u00e4chstgelegene HUDY-Store<\/h2>\n            <div class=\"innerwrap owl-carousel owl-theme\">\n        <div class=\"item\">\n            <h3><a href=\"https:\/\/www.hudy.cz\/hudysport-brno-veveri\" target=\"_blank\" rel=\"noopener\">Brno Veve\u0159\u00ed<\/a><\/h3>\n            <!-- wp:paragraph -->\n<p>Veve\u0159\u00ed 13<br>602 00 Brno 2<\/p>\n<!-- \/wp:paragraph -->\n            <a href=\"tel:+420 733 147 683\">+420 733 147 683<\/a><br>\n            <a href=\"mailto:brno.veveri@hudy.cz\">brno.veveri@hudy.cz<\/a><br>\n            <a href=\"https:\/\/www.hudy.cz\/hudysport-brno-veveri\" target=\"_blank\" class=\"btn btn--ghost\" rel=\"noopener\"><span class=\"btn__inner\">Mehr \u00fcber den Shop<\/span><\/a><br>\n        <\/div>\n        <div class=\"item\">\n            <h3><a href=\"https:\/\/www.hudy.cz\/hudysport-brno-starobrnenska\" target=\"_blank\" rel=\"noopener\">Brno Starobrn\u011bnsk\u00e1<\/a><\/h3>\n            <!-- wp:paragraph -->\n<p>Starobrn\u011bnsk\u00e1 6<br>602 00 Brno 2<\/p>\n<!-- \/wp:paragraph -->\n            <a href=\"tel:+420 604 294 374\">+420 604 294 374<\/a><br>\n            <a href=\"mailto:brno.starobrnenska@hudy.cz\">brno.starobrnenska@hudy.cz<\/a><br>\n            <a href=\"https:\/\/www.hudy.cz\/hudysport-brno-starobrnenska\" target=\"_blank\" class=\"btn btn--ghost\" rel=\"noopener\"><span class=\"btn__inner\">Mehr \u00fcber den Shop<\/span><\/a><br>\n        <\/div>\n        <div class=\"item\">\n            <h3><a href=\"https:\/\/www.hudy.cz\/hudysport-zlin\" target=\"_blank\" rel=\"noopener\">Zl\u00edn<\/a><\/h3>\n            <!-- wp:paragraph -->\n<p>Vodn\u00ed 453<br>760 01 Zl\u00edn<\/p>\n<!-- \/wp:paragraph -->\n            <a href=\"tel:+420 602 700 012\">+420 602 700 012<\/a><br>\n            <a href=\"mailto:zlin@hudy.cz\">zlin@hudy.cz<\/a><br>\n            <a href=\"https:\/\/www.hudy.cz\/hudysport-zlin\" target=\"_blank\" class=\"btn btn--ghost\" rel=\"noopener\"><span class=\"btn__inner\">Mehr \u00fcber den Shop<\/span><\/a><br>\n        <\/div>\n        <div class=\"item\">\n            <h3><a href=\"https:\/\/www.hudy.cz\/hudysport-olomouc\" target=\"_blank\" rel=\"noopener\">Olomouc<\/a><\/h3>\n            <!-- wp:paragraph -->\n<p>Ostru\u017enick\u00e1 19<br>779 00 Olomouc<\/p>\n<!-- \/wp:paragraph -->\n            <a href=\"tel:+420 731 685 697\">+420 731 685 697<\/a><br>\n            <a href=\"mailto:olomouc@hudy.cz\">olomouc@hudy.cz<\/a><br>\n            <a href=\"https:\/\/www.hudy.cz\/hudysport-olomouc\" target=\"_blank\" class=\"btn btn--ghost\" rel=\"noopener\"><span class=\"btn__inner\">Mehr \u00fcber den Shop<\/span><\/a><br>\n        <\/div>\n        <div class=\"item\">\n            <h3><a href=\"https:\/\/www.hudy.cz\/hudysport-jihlava\" target=\"_blank\" rel=\"noopener\">Jihlava<\/a><\/h3>\n            <!-- wp:paragraph -->\n<p>Kosm\u00e1kova 21<br>586 01 Jihlava<\/p>\n<!-- \/wp:paragraph -->\n            <a href=\"tel:+420 567 312 233\">+420 567 312 233<\/a><br>\n            <a href=\"mailto:jihlava@hudy.cz\">jihlava@hudy.cz<\/a><br>\n            <a href=\"https:\/\/www.hudy.cz\/hudysport-jihlava\" target=\"_blank\" class=\"btn btn--ghost\" rel=\"noopener\"><span class=\"btn__inner\">Mehr \u00fcber den Shop<\/span><\/a><br>\n        <\/div><\/div>\n        <\/div>\n<\/div>\n","protected":false},"excerpt":{"rendered":"<p>Preisliste Nachrichten Grundlegende Parameter der Wand Die Hauptkletterhalle umfasst eine Fl\u00e4che von 60 m x 12,5 m und bietet Kletterlinien von 11,5 bis 22 m L\u00e4nge. Es erm\u00f6glicht sowohl das Klettern in geneigten strukturierten Profilen als auch das Klettern in senkrechten und \u00fcberh\u00e4ngenden Profilen. Der \u00dcberhang des Hauptsportprofils &#8222;Grotta&#8220; erreicht beachtliche 8 m, das Sportprofil [&hellip;]<\/p>\n","protected":false},"author":1,"featured_media":0,"parent":0,"menu_order":1,"comment_status":"closed","ping_status":"closed","template":"","meta":{"_acf_changed":false,"_crdt_document":"","footnotes":""},"class_list":["post-534","page","type-page","status-publish","hentry"],"acf":[],"_links":{"self":[{"href":"https:\/\/www.hudysteny.cz\/brno\/de\/wp-json\/wp\/v2\/pages\/534","targetHints":{"allow":["GET"]}}],"collection":[{"href":"https:\/\/www.hudysteny.cz\/brno\/de\/wp-json\/wp\/v2\/pages"}],"about":[{"href":"https:\/\/www.hudysteny.cz\/brno\/de\/wp-json\/wp\/v2\/types\/page"}],"author":[{"embeddable":true,"href":"https:\/\/www.hudysteny.cz\/brno\/de\/wp-json\/wp\/v2\/users\/1"}],"replies":[{"embeddable":true,"href":"https:\/\/www.hudysteny.cz\/brno\/de\/wp-json\/wp\/v2\/comments?post=534"}],"version-history":[{"count":3,"href":"https:\/\/www.hudysteny.cz\/brno\/de\/wp-json\/wp\/v2\/pages\/534\/revisions"}],"predecessor-version":[{"id":830,"href":"https:\/\/www.hudysteny.cz\/brno\/de\/wp-json\/wp\/v2\/pages\/534\/revisions\/830"}],"wp:attachment":[{"href":"https:\/\/www.hudysteny.cz\/brno\/de\/wp-json\/wp\/v2\/media?parent=534"}],"curies":[{"name":"wp","href":"https:\/\/api.w.org\/{rel}","templated":true}]}}