{"id":31,"date":"2023-06-22T16:07:09","date_gmt":"2023-06-22T14:07:09","guid":{"rendered":"https:\/\/dev-karlin.hudysteny.cz\/?page_id=31"},"modified":"2025-03-18T09:25:57","modified_gmt":"2025-03-18T08:25:57","slug":"uvod","status":"publish","type":"page","link":"https:\/\/www.hudysteny.cz\/boulderkarlin\/","title":{"rendered":"Lezeck\u00e1 st\u011bna, Boulder Karl\u00edn"},"content":{"rendered":"\n<div class=\"wp-block-group oteviracka has-global-padding is-layout-constrained wp-block-group-is-layout-constrained\">\n<div class=\"wp-block-columns is-layout-flex wp-container-core-columns-is-layout-9ba6dbca wp-block-columns-is-layout-flex\">\n<div class=\"wp-block-column is-layout-flow wp-block-column-is-layout-flow\">\n<h3 class=\"wp-block-heading\">Otev\u00edrac\u00ed doba<\/h3>\n\n\n\n<figure class=\"wp-block-table noborder\"><table><tbody><tr><td>Pond\u011bl\u00ed<\/td><td>7.00 &#8211; 21.30<\/td><\/tr><tr><td>\u00dater\u00fd<\/td><td>7.00 &#8211; 21.30<\/td><\/tr><tr><td>St\u0159eda<\/td><td>7.00 &#8211; 21.30<\/td><\/tr><tr><td>\u010ctvrtek<\/td><td>7.00 &#8211; 21.30<\/td><\/tr><tr><td>P\u00e1tek<\/td><td>7.00 &#8211; 21.30<\/td><\/tr><tr><td>Sobota a ned\u011ble<\/td><td>9.00 &#8211; 21.30<\/td><\/tr><tr><td>St\u00e1tn\u00ed sv\u00e1tky<\/td><td>9.00 &#8211; 21.30<\/td><\/tr><\/tbody><\/table><\/figure>\n<\/div>\n\n\n\n<div class=\"wp-block-column is-layout-flow wp-block-column-is-layout-flow\">\n<h3 class=\"wp-block-heading\">Kde n\u00e1s najdete<\/h3>\n\n\n\n<p class=\"wp-block-paragraph\">HUDY Boulder Karl\u00edn<br>K\u0159i\u017e\u00edkova 684\/91a<br>186 00 Praha 8 &#8211; Karl\u00edn<br><br>Tel.: <a href=\"tel:+420 220 920 029\">+420 220 920 029<\/a><br>email: <a href=\"mailto:info@hudyboulder.cz\">info@hudyboulder.cz<\/a><\/p>\n<\/div>\n\n\n\n<div class=\"wp-block-column is-layout-flow wp-block-column-is-layout-flow\">\n<h3 class=\"wp-block-heading\">Sledujte n\u00e1s<\/h3>\n\n\n\n<div class=\"wp-block-group social is-nowrap is-layout-flex wp-container-core-group-is-layout-9ba6dbca wp-block-group-is-layout-flex\">\n<figure class=\"wp-block-image size-full is-resized\"><a class=\"https:\/\/www.facebook.com\/people\/HUDY-Boulder-Karl%C3%ADn\/100088976445014\/\" href=\"https:\/\/www.facebook.com\/profile.php?id=100088976445014\" target=\"_blank\" rel=\"noreferrer noopener\"><img decoding=\"async\" src=\"https:\/\/www.hudysteny.cz\/boulderkarlin\/wp-content\/uploads\/2023\/07\/facebook-b.svg\" alt=\"\" class=\"wp-image-323\" style=\"object-fit:cover;width:32px;height:32px\"\/><\/a><\/figure>\n\n\n\n<figure class=\"wp-block-image size-full is-resized\"><a href=\"https:\/\/www.instagram.com\/hudyboulder.karlin\/88976445014\" target=\"_blank\" rel=\"noreferrer noopener\"><img decoding=\"async\" src=\"https:\/\/www.hudysteny.cz\/boulderkarlin\/wp-content\/uploads\/2023\/07\/instagram-b.svg\" alt=\"\" class=\"wp-image-326\" style=\"object-fit:cover;width:32px;height:32px\"\/><\/a><\/figure>\n<\/div>\n\n\n\n<div style=\"height:25px;width:0px\" aria-hidden=\"true\" class=\"wp-block-spacer mezera_25\"><\/div>\n\n\n\n<p class=\"wp-block-paragraph\">Najdete n\u00e1s na <a href=\"https:\/\/mapy.cz\/s\/polutapafu\" data-type=\"link\" data-id=\"https:\/\/mapy.cz\/s\/polutapafu\" target=\"_blank\" rel=\"noreferrer noopener\">Mapy.cz<\/a> nebo <a href=\"https:\/\/goo.gl\/maps\/XBQzpFPgzujrfCt8A\" data-type=\"link\" data-id=\"https:\/\/goo.gl\/maps\/XBQzpFPgzujrfCt8A\" target=\"_blank\" rel=\"noreferrer noopener\">Google<\/a><br><br>V p\u0159\u00edpad\u011b, \u017ee k n\u00e1m pojedete autem, je o v\u00edkendu mo\u017en\u00e9 parkovat v p\u0159ilehl\u00fdch ulic\u00edch zdarma. Dal\u0161\u00ed informace k parkov\u00e1n\u00ed najdete na <a href=\"http:\/\/www.parkujvklidu.cz\" data-type=\"URL\" data-id=\"www.parkujvklidu.cz\" target=\"_blank\" rel=\"noreferrer noopener\">www.parkujvklidu.cz<\/a><\/p>\n<\/div>\n<\/div>\n<\/div>\n\n\n\n<div style=\"height:65px\" aria-hidden=\"true\" class=\"wp-block-spacer mezera_65\"><\/div>\n\n\n\n<div class=\"wp-block-columns eq is-layout-flex wp-container-core-columns-is-layout-9ba6dbca wp-block-columns-is-layout-flex\">\n<div class=\"wp-block-column is-layout-flow wp-block-column-is-layout-flow\">\n<div class=\"wp-block-group box_cenik has-background has-global-padding is-layout-constrained wp-block-group-is-layout-constrained\" style=\"background-color:#f4f4f4\">\n<h2 class=\"wp-block-heading has-text-align-center\">Cen\u00edk<\/h2>\n\n\n\n<div class=\"wp-block-buttons is-content-justification-center is-layout-flex wp-container-core-buttons-is-layout-d9a36c2f wp-block-buttons-is-layout-flex\">\n<div class=\"wp-block-button zelena\"><a class=\"wp-block-button__link wp-element-button\" href=\"https:\/\/www.hudysteny.cz\/boulderkarlin\/cenik\/\">V\u00edce informac\u00ed<\/a><\/div>\n<\/div>\n<\/div>\n<\/div>\n\n\n\n<div class=\"wp-block-column is-layout-flow wp-container-core-column-is-layout-2003d605 wp-block-column-is-layout-flow\">\n<div class=\"wp-block-group box_novinka has-background has-global-padding is-layout-constrained wp-container-core-group-is-layout-050dad78 wp-block-group-is-layout-constrained\" style=\"background-color:#f4f4f4\">\n<div class=\"wp-block-group inner_wrap has-global-padding is-layout-constrained wp-block-group-is-layout-constrained\">\n<h3 class=\"wp-block-heading has-text-align-center\">Novinky<\/h3>\n\n\n<div class=\"cff-wrapper\"><div class=\"cff-wrapper-ctn \" ><div id=\"cff\" data-char=\"400\" class=\"cff cff-theme-overlap  cff-mob-cols-1 cff-tab-cols-1  cff-palette-7 cff-timeline-feed cff-doing-gdpr cff-all-reviews cff-nojs \" style=\"width:100%; \" data-fb-text=\"Zobrazit na Facebooku\" data-offset=\"\" data-own-token=\"true\" data-grid-pag=\"cursor\" data-restricted=\"true\" data-lb-comments=\"false\" data-pag-num=\"1\" data-cff-shortcode=\"{&quot;feed&quot;: &quot;7&quot;}\" data-postid=\"31\" data-locatornonce=\"47a9a27aad\" data-cff-theme=\"overlap\"  data-cff-flags=\"gdpr,overrideBlockCDN\"><svg width=\"24px\" height=\"24px\" version=\"1.1\" xmlns=\"http:\/\/www.w3.org\/2000\/svg\" xmlns:xlink=\"http:\/\/www.w3.org\/1999\/xlink\" class=\"cff-screenreader\" role=\"img\" aria-labelledby=\"metaSVGid metaSVGdesc\"><title id=\"metaSVGid\">Comments Box SVG icons<\/title><desc id=\"metaSVGdesc\">Used for the like, share, comment, and reaction icons<\/desc><defs><linearGradient id=\"angryGrad\" x1=\"0\" x2=\"0\" y1=\"0\" y2=\"1\"><stop offset=\"0%\" stop-color=\"#f9ae9e\" \/><stop offset=\"70%\" stop-color=\"#ffe7a4\" \/><\/linearGradient><linearGradient id=\"likeGrad\"><stop offset=\"25%\" stop-color=\"rgba(0,0,0,0.05)\" \/><stop offset=\"26%\" stop-color=\"rgba(255,255,255,0.7)\" \/><\/linearGradient><linearGradient id=\"likeGradHover\"><stop offset=\"25%\" stop-color=\"#a3caff\" \/><stop offset=\"26%\" stop-color=\"#fff\" \/><\/linearGradient><linearGradient id=\"likeGradDark\"><stop offset=\"25%\" stop-color=\"rgba(255,255,255,0.5)\" \/><stop offset=\"26%\" stop-color=\"rgba(255,255,255,0.7)\" \/><\/linearGradient><\/defs><\/svg><div class=\"cff-posts-wrap\"><\/div><span class=\"cff_resized_image_data\" data-feedid=\"cff_10282233936759028223393675962mecs0000\" data-resized=\"[]\"><\/span><\/div><\/div><div class=\"cff-clear\"><\/div><\/div><style type=\"text\/css\">\n<\/style>\n\n\n<a class=\"novinky_link\" href=\"https:\/\/www.hudysteny.cz\/boulderkarlin\/novinky\/\" title=\"Zobrazit novinky\" target=\"_parent\"><span>Zobrazit novinky<\/span><\/a>\n<\/div>\n<\/div>\n<\/div>\n<\/div>\n\n\n\n<div style=\"height:65px\" aria-hidden=\"true\" class=\"wp-block-spacer mezera_65\"><\/div>\n\n\n\n<h3 class=\"wp-block-heading has-text-align-center\">Z\u00e1kladn\u00ed parametry st\u011bny<\/h3>\n\n\n\n<p class=\"has-text-align-center wp-block-paragraph\">Hlavn\u00ed boulderingov\u00e1 st\u011bna nab\u00edz\u00ed&nbsp;<strong>4 velk\u00e9 sektory s&nbsp;24 men\u0161\u00edmi sektor\u016f<\/strong>&nbsp;po 6-7 boulderech. S&nbsp;v\u00fd\u0161kou st\u011bny 4,2 metru boulderingov\u00e1 st\u011bna nab\u00edz\u00ed&nbsp;<strong>655&nbsp;m \u010dtvere\u010dn\u00edch lezen\u00ed a&nbsp;v\u00edce ne\u017e 160 boulder probl\u00e9m\u016f<\/strong>. M\u016f\u017eete se t\u011b\u0161it na lezen\u00ed v&nbsp;m\u00edrn\u011b uklon\u011bn\u00fdch profilech (tzv. rajbasech), na lezen\u00ed v&nbsp;profilech kolm\u00fdch a p\u0159evisl\u00fdch i&nbsp;na kampus s li\u0161tami s \u00fahlem&nbsp;<strong>p\u0159evisu a\u017e do 76 stup\u0148\u016f<\/strong>.&nbsp;<strong>P\u0159evislost<\/strong>&nbsp;nejv\u011bt\u0161\u00edho profilu je \u00factyhodn\u00fdch&nbsp;<strong>5,15 m<\/strong>. Jednotliv\u00e9&nbsp;<strong>boulder probl\u00e9my<\/strong>&nbsp;jsou odli\u0161eny barevn\u011b&nbsp;<strong>v rozp\u011bt\u00ed od V0-V10<\/strong>.<\/p>\n\n\n\n<p class=\"has-text-align-center wp-block-paragraph\">K tomu d\u011btsk\u00e1 bouldrovka, h\u0159i\u0161t\u011b, rozvi\u010dovac\u00ed m\u00edstnost. <\/p>\n\n\n\n<div class=\"wp-block-buttons is-content-justification-center is-layout-flex wp-container-core-buttons-is-layout-d9a36c2f wp-block-buttons-is-layout-flex\">\n<div class=\"wp-block-button\"><a class=\"wp-block-button__link wp-element-button\" href=\"https:\/\/www.hudysteny.cz\/boulderkarlin\/stena\/\">V\u00edce informac\u00ed<\/a><\/div>\n<\/div>\n\n\n\n<div style=\"height:65px\" aria-hidden=\"true\" class=\"wp-block-spacer mezera_65\"><\/div>\n\n\n\n<div class=\"wp-block-group alignfull bg_seda has-global-padding is-layout-constrained wp-block-group-is-layout-constrained\">\n\t\t<div id=\"prodejny\">\n            <h2>Nejbli\u017e\u0161\u00ed HUDY prodejny<\/h2>\n\t\t\t<div class=\"innerwrap owl-carousel owl-theme\">\n    \t<div class=\"item\">\n\t\t\t<h3><a href=\"https:\/\/www.hudy.cz\/hudysport-praha-havlickova\" target=\"_blank\" rel=\"noopener\">Praha Havl\u00ed\u010dkova<\/a><\/h3>\n            <!-- wp:paragraph -->\n<p>Havl\u00ed\u010dkova 11<br>110 00 Praha 1<br><\/p>\n<!-- \/wp:paragraph -->\n            <a href=\"tel:+420 222 200 418\">+420 222 200 418<\/a><br>\n            <a href=\"mailto:praha.havlickova@hudy.cz\">praha.havlickova@hudy.cz<\/a><br>\n            <a href=\"https:\/\/www.hudy.cz\/hudysport-praha-havlickova\" target=\"_blank\" class=\"btn btn--ghost\" rel=\"noopener\"><span class=\"btn__inner\">V\u00edce o prodejn\u011b<\/span><\/a><br>\n\t\t<\/div>\n    \t<div class=\"item\">\n\t\t\t<h3><a href=\"https:\/\/www.hudy.cz\/hudysport-praha-strossmayerovo-nam\" target=\"_blank\" rel=\"noopener\">Praha Strossmayerovo<\/a><\/h3>\n            <!-- wp:paragraph -->\n<p>Strossmayerovo n\u00e1m. 10<br>170 00 Praha 7<\/p>\n<!-- \/wp:paragraph -->\n            <a href=\"tel:+420 220 879 992\">+420 220 879 992<\/a><br>\n            <a href=\"mailto:praha.strossmayerovo@hudy.cz\">praha.strossmayerovo@hudy.cz<\/a><br>\n            <a href=\"https:\/\/www.hudy.cz\/hudysport-praha-strossmayerovo-nam\" target=\"_blank\" class=\"btn btn--ghost\" rel=\"noopener\"><span class=\"btn__inner\">V\u00edce o prodejn\u011b<\/span><\/a><br>\n\t\t<\/div>\n    \t<div class=\"item\">\n\t\t\t<h3><a href=\"https:\/\/www.hudy.cz\/hudysport-praha-slezska\" target=\"_blank\" rel=\"noopener\">Praha Slezsk\u00e1<\/a><\/h3>\n            <!-- wp:paragraph -->\n<p>Slezsk\u00e1 8<br>120 00 Praha 2<\/p>\n<!-- \/wp:paragraph -->\n            <a href=\"tel:+420 222 522 450\">+420 222 522 450<\/a><br>\n            <a href=\"mailto:praha.slezska@hudy.cz\">praha.slezska@hudy.cz<\/a><br>\n            <a href=\"https:\/\/www.hudy.cz\/hudysport-praha-slezska\" target=\"_blank\" class=\"btn btn--ghost\" rel=\"noopener\"><span class=\"btn__inner\">V\u00edce o prodejn\u011b<\/span><\/a><br>\n\t\t<\/div>\n    \t<div class=\"item\">\n\t\t\t<h3><a href=\"https:\/\/www.hudy.cz\/hudysport-praha-na-perstyne\" target=\"_blank\" rel=\"noopener\">Praha Na Per\u0161t\u00fdn\u011b<\/a><\/h3>\n            <!-- wp:paragraph -->\n<p>Na Per\u0161t\u00fdn\u011b 14<br>110 00 Praha 1<\/p>\n<!-- \/wp:paragraph -->\n            <a href=\"tel:+420 224 218 600\">+420 224 218 600<\/a><br>\n            <a href=\"mailto:praha.perstyn@hudy.cz\">praha.perstyn@hudy.cz<\/a><br>\n            <a href=\"https:\/\/www.hudy.cz\/hudysport-praha-na-perstyne\" target=\"_blank\" class=\"btn btn--ghost\" rel=\"noopener\"><span class=\"btn__inner\">V\u00edce o prodejn\u011b<\/span><\/a><br>\n\t\t<\/div>\n    \t<div class=\"item\">\n\t\t\t<h3><a href=\"https:\/\/www.hudy.cz\/hudysport-praha-lidicka\" target=\"_blank\" rel=\"noopener\">Praha Lidick\u00e1<\/a><\/h3>\n            <!-- wp:paragraph -->\n<p>Lidick\u00e1 43<br>150 00 Praha 5<\/p>\n<!-- \/wp:paragraph -->\n            <a href=\"tel:+420 257 315 964\">+420 257 315 964<\/a><br>\n            <a href=\"mailto:praha.lidicka@hudy.cz\">praha.lidicka@hudy.cz<\/a><br>\n            <a href=\"https:\/\/www.hudy.cz\/hudysport-praha-lidicka\" target=\"_blank\" class=\"btn btn--ghost\" rel=\"noopener\"><span class=\"btn__inner\">V\u00edce o prodejn\u011b<\/span><\/a><br>\n\t\t<\/div>\n    \t<div class=\"item\">\n\t\t\t<h3><a href=\"https:\/\/www.hudy.cz\/hudysport-praha-dejvicka\" target=\"_blank\" rel=\"noopener\">Praha Dejvick\u00e1<\/a><\/h3>\n            <!-- wp:paragraph -->\n<p>Dejvick\u00e1 48<br>160 00 Praha 6<br><\/p>\n<!-- \/wp:paragraph -->\n            <a href=\"tel:+420 233 341 249\">+420 233 341 249<\/a><br>\n            <a href=\"mailto:praha.dejvicka@hudy.cz\">praha.dejvicka@hudy.cz<\/a><br>\n            <a href=\"https:\/\/www.hudy.cz\/hudysport-praha-dejvicka\" target=\"_blank\" class=\"btn btn--ghost\" rel=\"noopener\"><span class=\"btn__inner\">V\u00edce o prodejn\u011b<\/span><\/a><br>\n\t\t<\/div>\n    \t<div class=\"item\">\n\t\t\t<h3><a href=\"https:\/\/www.hudy.cz\/hudysport-praha-ceskomoravska\" target=\"_blank\" rel=\"noopener\">Praha \u010ceskomoravsk\u00e1<\/a><\/h3>\n            <!-- wp:paragraph -->\n<p>\u010ceskomoravsk\u00e1 41<br>190 00 Praha 9<\/p>\n<!-- \/wp:paragraph -->\n            <a href=\"tel:+420 284 818 521\">+420 284 818 521<\/a><br>\n            <a href=\"mailto:praha.ceskomoravska@hudy.cz\">praha.ceskomoravska@hudy.cz<\/a><br>\n            <a href=\"https:\/\/www.hudy.cz\/hudysport-praha-ceskomoravska\" target=\"_blank\" class=\"btn btn--ghost\" rel=\"noopener\"><span class=\"btn__inner\">V\u00edce o prodejn\u011b<\/span><\/a><br>\n\t\t<\/div><\/div>\n\t\t<\/div>\n<\/div>\n","protected":false},"excerpt":{"rendered":"<p>Cen\u00edk Novinky Z\u00e1kladn\u00ed parametry st\u011bny Hlavn\u00ed boulderingov\u00e1 st\u011bna nab\u00edz\u00ed&nbsp;4 velk\u00e9 sektory s&nbsp;24 men\u0161\u00edmi sektor\u016f&nbsp;po 6-7 boulderech. S&nbsp;v\u00fd\u0161kou st\u011bny 4,2 metru boulderingov\u00e1 st\u011bna nab\u00edz\u00ed&nbsp;655&nbsp;m \u010dtvere\u010dn\u00edch lezen\u00ed a&nbsp;v\u00edce ne\u017e 160 boulder probl\u00e9m\u016f. M\u016f\u017eete se t\u011b\u0161it na lezen\u00ed v&nbsp;m\u00edrn\u011b uklon\u011bn\u00fdch profilech (tzv. rajbasech), na lezen\u00ed v&nbsp;profilech kolm\u00fdch a p\u0159evisl\u00fdch i&nbsp;na kampus s li\u0161tami s \u00fahlem&nbsp;p\u0159evisu a\u017e do 76 [&hellip;]<\/p>\n","protected":false},"author":1,"featured_media":0,"parent":0,"menu_order":1,"comment_status":"closed","ping_status":"closed","template":"","meta":{"_acf_changed":false,"_crdt_document":"","footnotes":""},"class_list":["post-31","page","type-page","status-publish","hentry"],"acf":[],"_links":{"self":[{"href":"https:\/\/www.hudysteny.cz\/boulderkarlin\/wp-json\/wp\/v2\/pages\/31","targetHints":{"allow":["GET"]}}],"collection":[{"href":"https:\/\/www.hudysteny.cz\/boulderkarlin\/wp-json\/wp\/v2\/pages"}],"about":[{"href":"https:\/\/www.hudysteny.cz\/boulderkarlin\/wp-json\/wp\/v2\/types\/page"}],"author":[{"embeddable":true,"href":"https:\/\/www.hudysteny.cz\/boulderkarlin\/wp-json\/wp\/v2\/users\/1"}],"replies":[{"embeddable":true,"href":"https:\/\/www.hudysteny.cz\/boulderkarlin\/wp-json\/wp\/v2\/comments?post=31"}],"version-history":[{"count":5,"href":"https:\/\/www.hudysteny.cz\/boulderkarlin\/wp-json\/wp\/v2\/pages\/31\/revisions"}],"predecessor-version":[{"id":2574,"href":"https:\/\/www.hudysteny.cz\/boulderkarlin\/wp-json\/wp\/v2\/pages\/31\/revisions\/2574"}],"wp:attachment":[{"href":"https:\/\/www.hudysteny.cz\/boulderkarlin\/wp-json\/wp\/v2\/media?parent=31"}],"curies":[{"name":"wp","href":"https:\/\/api.w.org\/{rel}","templated":true}]}}